{"id":81150,"date":"2017-06-01T16:11:18","date_gmt":"2017-06-01T14:11:18","guid":{"rendered":"https:\/\/www.conceptlicht.eu\/?post_type=portfolio&#038;p=81150"},"modified":"2023-07-25T14:36:18","modified_gmt":"2023-07-25T12:36:18","slug":"kulturpalast-dresden","status":"publish","type":"portfolio","link":"https:\/\/www.conceptlicht.com\/en\/portfolio\/kulturpalast-dresden\/","title":{"rendered":"Kulturpalast Dresden"},"content":{"rendered":"<div data-elementor-type=\"wp-post\" data-elementor-id=\"81150\" class=\"elementor elementor-81150\">\n\t\t\t\t\t\t<section class=\"elementor-section elementor-top-section elementor-element elementor-element-63db1094 elementor-section-full_width elementor-section-stretched elementor-section-height-default elementor-section-height-default\" data-id=\"63db1094\" data-element_type=\"section\" data-e-type=\"section\" data-settings=\"{&quot;stretch_section&quot;:&quot;section-stretched&quot;}\">\n\t\t\t\t\t\t<div class=\"elementor-container elementor-column-gap-default\">\n\t\t\t\t\t<div class=\"elementor-column elementor-col-100 elementor-top-column elementor-element elementor-element-16000a70\" data-fullscreen-column-settings=\"{&quot;fullscreen&quot;:&quot;&quot;}\" data-id=\"16000a70\" data-element_type=\"column\" data-e-type=\"column\">\n\t\t\t<div class=\"elementor-widget-wrap elementor-element-populated\">\n\t\t\t\t\t\t<section class=\"elementor-section elementor-inner-section elementor-element elementor-element-459c3650 elementor-section-height-full elementor-section-full_width elementor-section-height-default\" data-id=\"459c3650\" data-element_type=\"section\" data-e-type=\"section\">\n\t\t\t\t\t\t<div class=\"elementor-container elementor-column-gap-default\">\n\t\t\t\t\t<div class=\"elementor-column elementor-col-100 elementor-inner-column elementor-element elementor-element-768bd2fb\" data-fullscreen-column-settings=\"{&quot;fullscreen&quot;:&quot;&quot;}\" data-id=\"768bd2fb\" data-element_type=\"column\" data-e-type=\"column\">\n\t\t\t<div class=\"elementor-widget-wrap elementor-element-populated\">\n\t\t\t\t\t\t<div class=\"elementor-element elementor-element-6e041e0c elementor-widget elementor-widget-image\" data-id=\"6e041e0c\" data-element_type=\"widget\" data-e-type=\"widget\" data-widget_type=\"image.default\">\n\t\t\t\t<div class=\"elementor-widget-container\">\n\t\t\t\t\t\t\t\t\t\t\t\t\t\t\t<img decoding=\"async\" src=\"https:\/\/www.conceptlicht.com\/wp-content\/uploads\/2022\/11\/Conceptlicht.com_Kulturpalst-Dresden_002.webp\" title=\"Conceptlicht.com_Kulturpalst-Dresden_002\" alt=\"Conceptlicht.com_Kulturpalst-Dresden_002\" loading=\"lazy\" \/>\t\t\t\t\t\t\t\t\t\t\t\t\t\t\t<\/div>\n\t\t\t\t<\/div>\n\t\t\t\t<div class=\"elementor-element elementor-element-2d917f30 elementor-widget__width-initial elementor-widget-tablet__width-initial scroller clscroll silbentrennung elementor-hidden-tablet elementor-hidden-mobile elementor-fixed elementor-widget elementor-widget-text-editor\" data-id=\"2d917f30\" data-element_type=\"widget\" data-e-type=\"widget\" data-settings=\"{&quot;_position&quot;:&quot;fixed&quot;}\" data-widget_type=\"text-editor.default\">\n\t\t\t\t<div class=\"elementor-widget-container\">\n\t\t\t\t\t\t\t\t\t<h5 style=\"color: #111111 !important;\">Kulturpalast<\/h5>\n<h6 style=\"color: #111111 !important;\">Dresden<br><\/h6>\n<p style=\"color: #111111 !important;\"><br>Distinction:<br>Nominated \u201cDeutscher Lichtdesign-Preis 2019\u201d<\/p>\n<p>The original lighting of the Kulturpalast in Dresden was characterised by undefined beam characteristics, which led to an undifferentiated overall image. Therefore, special attention was paid to the external effect of the lighting while modernising. The foyer and library of the Kulturpalast act as a showcase into the city. By limiting the beam angle, the luminaires are faded out, so that their own effect is reduced towards the outside.<\/p>\n<p>The historical context of the Kulturpalast required flair in designing the luminaires, especially in the foyers. The square luminaires developed for this purpose consist of a direct component in the core, as well as a backlit wreath of light, which also serves as safety lighting. The significant appearance of the luminaire has also been transferred in modified form to other areas of the Kulturpalast, such as the butterfly stairwells, in the form of a wall luminaire.<\/p>\n<p>The library lighting is provided by direct and indirect radiant pendant luminaires in combination with downlights in the access areas. In case of the luminaires near the fa\u00e7ade, meticulous attention was again paid to limiting the radiation to the outside so that the luminaires do not negatively affect the night view of the fa\u00e7ade. Shelf lighting in the library presented a major challenge. The filigree linear luminaire with asymmetrically directed light was specially developed for this purpose.<\/p>\n<p>The concert hall forms the core of the building, with the historic Herkuleskeule in the basement also taking on a significant role. The concert hall is realised by downlights integrated into the ceiling. The compact design, the recessed installation and the extreme fade-out of the luminaires ensure a quiet appearance of the ceiling. Although the downlights come very close to the walls in the peripheral area, it has been possible to avoid disturbing images of light cones. Each luminaire is optimally aligned to ensure homogeneous illumination of the concert hall. The wooden walls of the hall receive an even brightening and thus create an atmosphere. The stage is lit by specially designed luminaires, which blend into the ceiling above.<\/p>\n<p>The exterior of the Kulturpalast is characterised by the surrounding arcades. The beam geometry of the luminaires is coordinated with the arcades in such a way that neither the fa\u00e7ade nor the columns are exposed to light. The vertical surfaces are only brightened by the reflection of the floor.<\/p>\n<p>The crown of the roof is significant for the Kulturpalast Dresden in terms of its external effect, which should also continue into the night. The crown of the roof is brightened all around with a white light colour. The immediate proximity of the cupola of the Frauenkirche, illuminated with a warm light colour, prevents a conflict of meaning. During planning, care was taken to ensure that no radiation is emitted into the surrounding area past the crown of the roof, in order to avoid disturbing the neighbouring residents with stray radiation.<\/p>\n<p style=\"color: #111111 !important;\">Architect:<br>gmp Generalplanungsgesellschaft mbH<\/p>\n<p style=\"color: #111111 !important;\">Photograph:<br>Christian Gahl<\/p>\n<p>Category: <a class=\"kbutton\" href=\"\/en\/kunst-kultur\/\">Culture<\/a><\/p>\t\t\t\t\t\t\t\t<\/div>\n\t\t\t\t<\/div>\n\t\t\t\t<div class=\"elementor-element elementor-element-410ddd4f elementor-widget elementor-widget-image\" data-id=\"410ddd4f\" data-element_type=\"widget\" data-e-type=\"widget\" data-widget_type=\"image.default\">\n\t\t\t\t<div class=\"elementor-widget-container\">\n\t\t\t\t\t\t\t\t\t\t\t\t\t\t\t<img fetchpriority=\"high\" decoding=\"async\" width=\"1800\" height=\"1350\" src=\"https:\/\/www.conceptlicht.com\/wp-content\/uploads\/2022\/11\/Conceptlicht.com_Kulturpalst-Dresden_036.webp\" class=\"attachment-full size-full wp-image-81169\" alt=\"Conceptlicht.com_Kulturpalst-Dresden_036\" srcset=\"https:\/\/www.conceptlicht.com\/wp-content\/uploads\/2022\/11\/Conceptlicht.com_Kulturpalst-Dresden_036.webp 1800w, https:\/\/www.conceptlicht.com\/wp-content\/uploads\/2022\/11\/Conceptlicht.com_Kulturpalst-Dresden_036-300x225.webp 300w, https:\/\/www.conceptlicht.com\/wp-content\/uploads\/2022\/11\/Conceptlicht.com_Kulturpalst-Dresden_036-1024x768.webp 1024w, https:\/\/www.conceptlicht.com\/wp-content\/uploads\/2022\/11\/Conceptlicht.com_Kulturpalst-Dresden_036-768x576.webp 768w, https:\/\/www.conceptlicht.com\/wp-content\/uploads\/2022\/11\/Conceptlicht.com_Kulturpalst-Dresden_036-1536x1152.webp 1536w, https:\/\/www.conceptlicht.com\/wp-content\/uploads\/2022\/11\/Conceptlicht.com_Kulturpalst-Dresden_036-200x150.webp 200w, https:\/\/www.conceptlicht.com\/wp-content\/uploads\/2022\/11\/Conceptlicht.com_Kulturpalst-Dresden_036-1568x1176.webp 1568w\" sizes=\"(max-width: 1800px) 100vw, 1800px\" \/>\t\t\t\t\t\t\t\t\t\t\t\t\t\t\t<\/div>\n\t\t\t\t<\/div>\n\t\t\t\t<div class=\"elementor-element elementor-element-6e69b6b9 elementor-widget elementor-widget-image\" data-id=\"6e69b6b9\" data-element_type=\"widget\" data-e-type=\"widget\" data-widget_type=\"image.default\">\n\t\t\t\t<div class=\"elementor-widget-container\">\n\t\t\t\t\t\t\t\t\t\t\t\t\t\t\t<img decoding=\"async\" width=\"1800\" height=\"1356\" src=\"https:\/\/www.conceptlicht.com\/wp-content\/uploads\/2022\/11\/Conceptlicht.com_Kulturpalst-Dresden_037.webp\" class=\"attachment-full size-full wp-image-81170\" alt=\"Conceptlicht.com_Kulturpalst-Dresden_037\" srcset=\"https:\/\/www.conceptlicht.com\/wp-content\/uploads\/2022\/11\/Conceptlicht.com_Kulturpalst-Dresden_037.webp 1800w, https:\/\/www.conceptlicht.com\/wp-content\/uploads\/2022\/11\/Conceptlicht.com_Kulturpalst-Dresden_037-300x226.webp 300w, https:\/\/www.conceptlicht.com\/wp-content\/uploads\/2022\/11\/Conceptlicht.com_Kulturpalst-Dresden_037-1024x771.webp 1024w, https:\/\/www.conceptlicht.com\/wp-content\/uploads\/2022\/11\/Conceptlicht.com_Kulturpalst-Dresden_037-768x579.webp 768w, https:\/\/www.conceptlicht.com\/wp-content\/uploads\/2022\/11\/Conceptlicht.com_Kulturpalst-Dresden_037-1536x1157.webp 1536w, https:\/\/www.conceptlicht.com\/wp-content\/uploads\/2022\/11\/Conceptlicht.com_Kulturpalst-Dresden_037-200x151.webp 200w, https:\/\/www.conceptlicht.com\/wp-content\/uploads\/2022\/11\/Conceptlicht.com_Kulturpalst-Dresden_037-1568x1181.webp 1568w\" sizes=\"(max-width: 1800px) 100vw, 1800px\" \/>\t\t\t\t\t\t\t\t\t\t\t\t\t\t\t<\/div>\n\t\t\t\t<\/div>\n\t\t\t\t<div class=\"elementor-element elementor-element-135f8720 elementor-widget elementor-widget-image\" data-id=\"135f8720\" data-element_type=\"widget\" data-e-type=\"widget\" data-widget_type=\"image.default\">\n\t\t\t\t<div class=\"elementor-widget-container\">\n\t\t\t\t\t\t\t\t\t\t\t\t\t\t\t<img decoding=\"async\" width=\"1800\" height=\"1351\" src=\"https:\/\/www.conceptlicht.com\/wp-content\/uploads\/2022\/11\/Conceptlicht.com_Kulturpalst-Dresden_034.webp\" class=\"attachment-full size-full wp-image-81168\" alt=\"Conceptlicht.com_Kulturpalst-Dresden_034\" srcset=\"https:\/\/www.conceptlicht.com\/wp-content\/uploads\/2022\/11\/Conceptlicht.com_Kulturpalst-Dresden_034.webp 1800w, https:\/\/www.conceptlicht.com\/wp-content\/uploads\/2022\/11\/Conceptlicht.com_Kulturpalst-Dresden_034-300x225.webp 300w, https:\/\/www.conceptlicht.com\/wp-content\/uploads\/2022\/11\/Conceptlicht.com_Kulturpalst-Dresden_034-1024x769.webp 1024w, https:\/\/www.conceptlicht.com\/wp-content\/uploads\/2022\/11\/Conceptlicht.com_Kulturpalst-Dresden_034-768x576.webp 768w, https:\/\/www.conceptlicht.com\/wp-content\/uploads\/2022\/11\/Conceptlicht.com_Kulturpalst-Dresden_034-1536x1153.webp 1536w, https:\/\/www.conceptlicht.com\/wp-content\/uploads\/2022\/11\/Conceptlicht.com_Kulturpalst-Dresden_034-200x150.webp 200w, https:\/\/www.conceptlicht.com\/wp-content\/uploads\/2022\/11\/Conceptlicht.com_Kulturpalst-Dresden_034-1568x1177.webp 1568w\" sizes=\"(max-width: 1800px) 100vw, 1800px\" \/>\t\t\t\t\t\t\t\t\t\t\t\t\t\t\t<\/div>\n\t\t\t\t<\/div>\n\t\t\t\t<div class=\"elementor-element elementor-element-04bcc1d elementor-widget elementor-widget-image\" data-id=\"04bcc1d\" data-element_type=\"widget\" data-e-type=\"widget\" data-widget_type=\"image.default\">\n\t\t\t\t<div class=\"elementor-widget-container\">\n\t\t\t\t\t\t\t\t\t\t\t\t\t\t\t<img loading=\"lazy\" decoding=\"async\" width=\"1800\" height=\"1681\" src=\"https:\/\/www.conceptlicht.com\/wp-content\/uploads\/2022\/11\/Conceptlicht.com_Kulturpalst-Dresden_012.webp\" class=\"attachment-full size-full wp-image-81166\" alt=\"Conceptlicht.com_Kulturpalst-Dresden_012\" srcset=\"https:\/\/www.conceptlicht.com\/wp-content\/uploads\/2022\/11\/Conceptlicht.com_Kulturpalst-Dresden_012.webp 1800w, https:\/\/www.conceptlicht.com\/wp-content\/uploads\/2022\/11\/Conceptlicht.com_Kulturpalst-Dresden_012-300x280.webp 300w, https:\/\/www.conceptlicht.com\/wp-content\/uploads\/2022\/11\/Conceptlicht.com_Kulturpalst-Dresden_012-1024x956.webp 1024w, https:\/\/www.conceptlicht.com\/wp-content\/uploads\/2022\/11\/Conceptlicht.com_Kulturpalst-Dresden_012-768x717.webp 768w, https:\/\/www.conceptlicht.com\/wp-content\/uploads\/2022\/11\/Conceptlicht.com_Kulturpalst-Dresden_012-1536x1434.webp 1536w, https:\/\/www.conceptlicht.com\/wp-content\/uploads\/2022\/11\/Conceptlicht.com_Kulturpalst-Dresden_012-200x187.webp 200w, https:\/\/www.conceptlicht.com\/wp-content\/uploads\/2022\/11\/Conceptlicht.com_Kulturpalst-Dresden_012-1568x1464.webp 1568w\" sizes=\"(max-width: 1800px) 100vw, 1800px\" \/>\t\t\t\t\t\t\t\t\t\t\t\t\t\t\t<\/div>\n\t\t\t\t<\/div>\n\t\t\t\t<div class=\"elementor-element elementor-element-6932f61a elementor-widget elementor-widget-image\" data-id=\"6932f61a\" data-element_type=\"widget\" data-e-type=\"widget\" data-widget_type=\"image.default\">\n\t\t\t\t<div class=\"elementor-widget-container\">\n\t\t\t\t\t\t\t\t\t\t\t\t\t\t\t<img loading=\"lazy\" decoding=\"async\" width=\"1800\" height=\"1350\" src=\"https:\/\/www.conceptlicht.com\/wp-content\/uploads\/2022\/11\/Conceptlicht.com_Kulturpalst-Dresden_021.webp\" class=\"attachment-full size-full wp-image-81167\" alt=\"Conceptlicht.com_Kulturpalst-Dresden_021\" srcset=\"https:\/\/www.conceptlicht.com\/wp-content\/uploads\/2022\/11\/Conceptlicht.com_Kulturpalst-Dresden_021.webp 1800w, https:\/\/www.conceptlicht.com\/wp-content\/uploads\/2022\/11\/Conceptlicht.com_Kulturpalst-Dresden_021-300x225.webp 300w, https:\/\/www.conceptlicht.com\/wp-content\/uploads\/2022\/11\/Conceptlicht.com_Kulturpalst-Dresden_021-1024x768.webp 1024w, https:\/\/www.conceptlicht.com\/wp-content\/uploads\/2022\/11\/Conceptlicht.com_Kulturpalst-Dresden_021-768x576.webp 768w, https:\/\/www.conceptlicht.com\/wp-content\/uploads\/2022\/11\/Conceptlicht.com_Kulturpalst-Dresden_021-1536x1152.webp 1536w, https:\/\/www.conceptlicht.com\/wp-content\/uploads\/2022\/11\/Conceptlicht.com_Kulturpalst-Dresden_021-200x150.webp 200w, https:\/\/www.conceptlicht.com\/wp-content\/uploads\/2022\/11\/Conceptlicht.com_Kulturpalst-Dresden_021-1568x1176.webp 1568w\" sizes=\"(max-width: 1800px) 100vw, 1800px\" \/>\t\t\t\t\t\t\t\t\t\t\t\t\t\t\t<\/div>\n\t\t\t\t<\/div>\n\t\t\t\t<div class=\"elementor-element elementor-element-5567f2f3 elementor-widget elementor-widget-spacer\" data-id=\"5567f2f3\" data-element_type=\"widget\" data-e-type=\"widget\" data-widget_type=\"spacer.default\">\n\t\t\t\t<div class=\"elementor-widget-container\">\n\t\t\t\t\t\t\t<div class=\"elementor-spacer\">\n\t\t\t<div class=\"elementor-spacer-inner\"><\/div>\n\t\t<\/div>\n\t\t\t\t\t\t<\/div>\n\t\t\t\t<\/div>\n\t\t\t\t<div class=\"elementor-element elementor-element-56830cd elementor-hidden-desktop silbentrennung elementor-widget elementor-widget-text-editor\" data-id=\"56830cd\" data-element_type=\"widget\" data-e-type=\"widget\" data-widget_type=\"text-editor.default\">\n\t\t\t\t<div class=\"elementor-widget-container\">\n\t\t\t\t\t\t\t\t\t<h5 style=\"color: #111111 !important;\">Kulturpalast<\/h5>\n<h6 style=\"color: #111111 !important;\">Dresden<br><\/h6>\n<p style=\"color: #111111 !important;\"><br>Distinction:<br>Nominated \u201cDeutscher Lichtdesign-Preis 2019\u201d<\/p>\n<p>The original lighting of the Kulturpalast in Dresden was characterised by undefined beam characteristics, which led to an undifferentiated overall image. Therefore, special attention was paid to the external effect of the lighting while modernising. The foyer and library of the Kulturpalast act as a showcase into the city. By limiting the beam angle, the luminaires are faded out, so that their own effect is reduced towards the outside.<\/p>\n<p>The historical context of the Kulturpalast required flair in designing the luminaires, especially in the foyers. The square luminaires developed for this purpose consist of a direct component in the core, as well as a backlit wreath of light, which also serves as safety lighting. The significant appearance of the luminaire has also been transferred in modified form to other areas of the Kulturpalast, such as the butterfly stairwells, in the form of a wall luminaire.<\/p>\n<p>The library lighting is provided by direct and indirect radiant pendant luminaires in combination with downlights in the access areas. In case of the luminaires near the fa\u00e7ade, meticulous attention was again paid to limiting the radiation to the outside so that the luminaires do not negatively affect the night view of the fa\u00e7ade. Shelf lighting in the library presented a major challenge. The filigree linear luminaire with asymmetrically directed light was specially developed for this purpose.<\/p>\n<p>The concert hall forms the core of the building, with the historic Herkuleskeule in the basement also taking on a significant role. The concert hall is realised by downlights integrated into the ceiling. The compact design, the recessed installation and the extreme fade-out of the luminaires ensure a quiet appearance of the ceiling. Although the downlights come very close to the walls in the peripheral area, it has been possible to avoid disturbing images of light cones. Each luminaire is optimally aligned to ensure homogeneous illumination of the concert hall. The wooden walls of the hall receive an even brightening and thus create an atmosphere. The stage is lit by specially designed luminaires, which blend into the ceiling above.<\/p>\n<p>The exterior of the Kulturpalast is characterised by the surrounding arcades. The beam geometry of the luminaires is coordinated with the arcades in such a way that neither the fa\u00e7ade nor the columns are exposed to light. The vertical surfaces are only brightened by the reflection of the floor.<\/p>\n<p>The crown of the roof is significant for the Kulturpalast Dresden in terms of its external effect, which should also continue into the night. The crown of the roof is brightened all around with a white light colour. The immediate proximity of the cupola of the Frauenkirche, illuminated with a warm light colour, prevents a conflict of meaning. During planning, care was taken to ensure that no radiation is emitted into the surrounding area past the crown of the roof, in order to avoid disturbing the neighbouring residents with stray radiation.<\/p>\n<p style=\"color: #111111 !important;\">Architect:<br>gmp Generalplanungsgesellschaft mbH<\/p>\n<p style=\"color: #111111 !important;\">Photograph:<br>Christian Gahl<\/p>\n<p>Category: <a class=\"kbutton\" href=\"\/en\/kunst-kultur\/\">Culture<\/a><\/p>\t\t\t\t\t\t\t\t<\/div>\n\t\t\t\t<\/div>\n\t\t\t\t<div class=\"elementor-element elementor-element-05396e8 elementor-widget elementor-widget-spacer\" data-id=\"05396e8\" data-element_type=\"widget\" data-e-type=\"widget\" data-widget_type=\"spacer.default\">\n\t\t\t\t<div class=\"elementor-widget-container\">\n\t\t\t\t\t\t\t<div class=\"elementor-spacer\">\n\t\t\t<div class=\"elementor-spacer-inner\"><\/div>\n\t\t<\/div>\n\t\t\t\t\t\t<\/div>\n\t\t\t\t<\/div>\n\t\t\t\t\t<\/div>\n\t\t<\/div>\n\t\t\t\t\t<\/div>\n\t\t<\/section>\n\t\t\t\t\t<\/div>\n\t\t<\/div>\n\t\t\t\t\t<\/div>\n\t\t<\/section>\n\t\t\t\t<\/div>","protected":false},"excerpt":{"rendered":"<p>Kulturpalast Dresden Auszeichnung:Nominiert &#8222;Deutscher Lichtdesign-Preis 2019&#8220; Die urspr\u00fcngliche Beleuchtung des Kulturpalastes in Dresden war gepr\u00e4gt von undefinierten Strahlungscharakteristiken, die zu einem undifferenzierten Gesamtbild f\u00fchrte. Deshalb wurde im Zuge der Modernisierung ein besonderes Augenmerk auf die Au\u00dfenwirkung der Beleuchtung gelegt. Das Foyer und die Bibliothek des Kulturpalastes wirken wie ein Schaufenster in die Stadt. Durch die [&hellip;]<\/p>\n","protected":false},"author":1,"featured_media":82508,"parent":0,"menu_order":0,"template":"elementor_header_footer","format":"standard","portfolio-category":[93],"portfolio-tags":[],"class_list":["post-81150","portfolio","type-portfolio","status-publish","format-standard","has-post-thumbnail","hentry","portfolio-category-kunst-kultur"],"_links":{"self":[{"href":"https:\/\/www.conceptlicht.com\/en\/wp-json\/wp\/v2\/portfolio\/81150","targetHints":{"allow":["GET"]}}],"collection":[{"href":"https:\/\/www.conceptlicht.com\/en\/wp-json\/wp\/v2\/portfolio"}],"about":[{"href":"https:\/\/www.conceptlicht.com\/en\/wp-json\/wp\/v2\/types\/portfolio"}],"author":[{"embeddable":true,"href":"https:\/\/www.conceptlicht.com\/en\/wp-json\/wp\/v2\/users\/1"}],"version-history":[{"count":0,"href":"https:\/\/www.conceptlicht.com\/en\/wp-json\/wp\/v2\/portfolio\/81150\/revisions"}],"wp:featuredmedia":[{"embeddable":true,"href":"https:\/\/www.conceptlicht.com\/en\/wp-json\/wp\/v2\/media\/82508"}],"wp:attachment":[{"href":"https:\/\/www.conceptlicht.com\/en\/wp-json\/wp\/v2\/media?parent=81150"}],"wp:term":[{"taxonomy":"portfolio-category","embeddable":true,"href":"https:\/\/www.conceptlicht.com\/en\/wp-json\/wp\/v2\/portfolio-category?post=81150"},{"taxonomy":"portfolio-tags","embeddable":true,"href":"https:\/\/www.conceptlicht.com\/en\/wp-json\/wp\/v2\/portfolio-tags?post=81150"}],"curies":[{"name":"wp","href":"https:\/\/api.w.org\/{rel}","templated":true}]}}